{"id":2,"date":"2024-05-18T17:40:40","date_gmt":"2024-05-18T15:40:40","guid":{"rendered":"http:\/\/lesinsomniesfestival.fr\/?page_id=2"},"modified":"2024-08-24T11:38:15","modified_gmt":"2024-08-24T09:38:15","slug":"page-d-exemple","status":"publish","type":"page","link":"https:\/\/lesinsomniesfestival.fr\/index.php\/page-d-exemple\/","title":{"rendered":"Programmation"},"content":{"rendered":"\n<div style=\"height:18px\" aria-hidden=\"true\" class=\"wp-block-spacer\"><\/div>\n\n\n\n<h2 class=\"wp-block-heading has-text-align-center\"><span style=\"text-decoration: underline;\">Vendredi 06 Septembre<\/span><\/h2>\n\n\n\n<div class=\"wp-block-group is-style-fotawp-boxshadow-hover is-layout-constrained wp-block-group-is-layout-constrained\">\n<div class=\"wp-block-media-text is-stacked-on-mobile\"><figure class=\"wp-block-media-text__media\"><a href=\"https:\/\/www.instagram.com\/nosexlastnight_\/\"><img loading=\"lazy\" decoding=\"async\" width=\"828\" height=\"820\" src=\"https:\/\/lesinsomniesfestival.fr\/wp-content\/uploads\/2024\/05\/IMG_5558-2.jpg\" alt=\"\" class=\"wp-image-86 size-full\" srcset=\"https:\/\/lesinsomniesfestival.fr\/wp-content\/uploads\/2024\/05\/IMG_5558-2.jpg 828w, https:\/\/lesinsomniesfestival.fr\/wp-content\/uploads\/2024\/05\/IMG_5558-2-300x297.jpg 300w, https:\/\/lesinsomniesfestival.fr\/wp-content\/uploads\/2024\/05\/IMG_5558-2-150x150.jpg 150w, https:\/\/lesinsomniesfestival.fr\/wp-content\/uploads\/2024\/05\/IMG_5558-2-768x761.jpg 768w\" sizes=\"auto, (max-width: 828px) 100vw, 828px\" \/><\/a><\/figure><div class=\"wp-block-media-text__content\">\n<p class=\"has-text-align-center\"><strong>No Sex Last Night<\/strong>, nouvelle vague de la pop fran\u00e7aise. Inspir\u00e9 par les m\u00e9lodies de The Cure et le punk de Sextile, c&rsquo;est dans le berceau vend\u00e9en que Rosa et Jick ont fond\u00e9 le duo qui fera vibrer tous tes organes.<\/p>\n<\/div><\/div>\n<\/div>\n\n\n\n<div class=\"wp-block-group is-style-fotawp-boxshadow-hover is-layout-constrained wp-block-group-is-layout-constrained\">\n<div class=\"wp-block-media-text has-media-on-the-right is-stacked-on-mobile\"><div class=\"wp-block-media-text__content\">\n<p class=\"has-text-align-center\"><strong>Treaks<\/strong> refuse de s&rsquo;incliner et veut s&rsquo;affirmer envers et contre tout. Iels secouent leur public avec ironie, leur font grincer des dents et les invitent \u00e0 l\u00e2cher prise. Un basse\/batterie frontal, des textes mordants, un lead un peu f\u00eal\u00e9&#8230; De quoi se laisser porter par la col\u00e8re salvatrice du trio nantais.<\/p>\n<\/div><figure class=\"wp-block-media-text__media\"><a href=\"https:\/\/www.instagram.com\/treaksmusic\/\"><img loading=\"lazy\" decoding=\"async\" width=\"828\" height=\"820\" src=\"http:\/\/lesinsomniesfestival.fr\/wp-content\/uploads\/2024\/05\/IMG_5559-3.jpg\" alt=\"\" class=\"wp-image-94 size-full\" srcset=\"https:\/\/lesinsomniesfestival.fr\/wp-content\/uploads\/2024\/05\/IMG_5559-3.jpg 828w, https:\/\/lesinsomniesfestival.fr\/wp-content\/uploads\/2024\/05\/IMG_5559-3-300x297.jpg 300w, https:\/\/lesinsomniesfestival.fr\/wp-content\/uploads\/2024\/05\/IMG_5559-3-150x150.jpg 150w, https:\/\/lesinsomniesfestival.fr\/wp-content\/uploads\/2024\/05\/IMG_5559-3-768x761.jpg 768w\" sizes=\"auto, (max-width: 828px) 100vw, 828px\" \/><\/a><\/figure><\/div>\n<\/div>\n\n\n\n<div class=\"wp-block-group is-style-fotawp-boxshadow-hover is-layout-constrained wp-block-group-is-layout-constrained\">\n<div class=\"wp-block-media-text is-stacked-on-mobile\"><figure class=\"wp-block-media-text__media\"><img loading=\"lazy\" decoding=\"async\" width=\"1024\" height=\"1024\" src=\"https:\/\/lesinsomniesfestival.fr\/wp-content\/uploads\/2024\/05\/Plan-de-travail-10-1024x1024.jpg\" alt=\"\" class=\"wp-image-344 size-full\" srcset=\"https:\/\/lesinsomniesfestival.fr\/wp-content\/uploads\/2024\/05\/Plan-de-travail-10-1024x1024.jpg 1024w, https:\/\/lesinsomniesfestival.fr\/wp-content\/uploads\/2024\/05\/Plan-de-travail-10-300x300.jpg 300w, https:\/\/lesinsomniesfestival.fr\/wp-content\/uploads\/2024\/05\/Plan-de-travail-10-150x150.jpg 150w, https:\/\/lesinsomniesfestival.fr\/wp-content\/uploads\/2024\/05\/Plan-de-travail-10-768x768.jpg 768w, https:\/\/lesinsomniesfestival.fr\/wp-content\/uploads\/2024\/05\/Plan-de-travail-10-1536x1536.jpg 1536w, https:\/\/lesinsomniesfestival.fr\/wp-content\/uploads\/2024\/05\/Plan-de-travail-10.jpg 2000w\" sizes=\"auto, (max-width: 1024px) 100vw, 1024px\" \/><\/figure><div class=\"wp-block-media-text__content\">\n<p class=\"has-text-align-center\">Inspir\u00e9 par les atmosph\u00e8res obscures et cin\u00e9matographiques de David Lynch mais aussi par les couleurs pop et lumineuses de Shame, <strong>Basic Partner <\/strong>s\u00e8me le trouble entre le pesant et le doux, telle une relation entre deux partenaires. <\/p>\n<\/div><\/div>\n<\/div>\n\n\n\n<div class=\"wp-block-group is-style-fotawp-boxshadow-hover is-layout-constrained wp-block-group-is-layout-constrained\">\n<div class=\"wp-block-media-text has-media-on-the-right is-stacked-on-mobile\"><div class=\"wp-block-media-text__content\">\n<p class=\"has-text-align-center\"><strong>B\u00e9a records<\/strong>, ce sont deux passionn\u00e9s de musique qui embrassent chaque style avec amour. En parlant d&rsquo;amour, vous allez vous aimer toute la nuit sur la piste de danse des Insomnies. Si votre lune est en papillon et que vous avez le groove en mercure, vous allez passer la meilleure soir\u00e9e de votre vie. <\/p>\n<\/div><figure class=\"wp-block-media-text__media\"><a href=\"https:\/\/www.instagram.com\/beatrice.records\/\"><img loading=\"lazy\" decoding=\"async\" width=\"1024\" height=\"1024\" src=\"http:\/\/lesinsomniesfestival.fr\/wp-content\/uploads\/2024\/05\/BA\u00a9atrice-record-1024x1024.jpg\" alt=\"\" class=\"wp-image-120 size-full\" srcset=\"https:\/\/lesinsomniesfestival.fr\/wp-content\/uploads\/2024\/05\/BA\u00a9atrice-record-1024x1024.jpg 1024w, https:\/\/lesinsomniesfestival.fr\/wp-content\/uploads\/2024\/05\/BA\u00a9atrice-record-300x300.jpg 300w, https:\/\/lesinsomniesfestival.fr\/wp-content\/uploads\/2024\/05\/BA\u00a9atrice-record-150x150.jpg 150w, https:\/\/lesinsomniesfestival.fr\/wp-content\/uploads\/2024\/05\/BA\u00a9atrice-record-768x768.jpg 768w, https:\/\/lesinsomniesfestival.fr\/wp-content\/uploads\/2024\/05\/BA\u00a9atrice-record-1536x1536.jpg 1536w, https:\/\/lesinsomniesfestival.fr\/wp-content\/uploads\/2024\/05\/BA\u00a9atrice-record.jpg 2000w\" sizes=\"auto, (max-width: 1024px) 100vw, 1024px\" \/><\/a><\/figure><\/div>\n<\/div>\n\n\n\n<div style=\"height:100px\" aria-hidden=\"true\" class=\"wp-block-spacer\"><\/div>\n\n\n\n<h2 class=\"wp-block-heading has-text-align-center\"><span style=\"text-decoration: underline;\">Samedi 07 Septembre<\/span><\/h2>\n\n\n\n<div class=\"wp-block-group is-style-fotawp-boxshadow-hover is-layout-constrained wp-block-group-is-layout-constrained\">\n<div class=\"wp-block-media-text is-stacked-on-mobile\"><figure class=\"wp-block-media-text__media\"><a href=\"https:\/\/www.instagram.com\/mimosa.gouv\/\"><img loading=\"lazy\" decoding=\"async\" width=\"828\" height=\"823\" src=\"https:\/\/lesinsomniesfestival.fr\/wp-content\/uploads\/2024\/05\/IMG_5560-1.jpg\" alt=\"\" class=\"wp-image-88 size-full\" srcset=\"https:\/\/lesinsomniesfestival.fr\/wp-content\/uploads\/2024\/05\/IMG_5560-1.jpg 828w, https:\/\/lesinsomniesfestival.fr\/wp-content\/uploads\/2024\/05\/IMG_5560-1-300x298.jpg 300w, https:\/\/lesinsomniesfestival.fr\/wp-content\/uploads\/2024\/05\/IMG_5560-1-150x150.jpg 150w, https:\/\/lesinsomniesfestival.fr\/wp-content\/uploads\/2024\/05\/IMG_5560-1-768x763.jpg 768w\" sizes=\"auto, (max-width: 828px) 100vw, 828px\" \/><\/a><\/figure><div class=\"wp-block-media-text__content\">\n<p class=\"has-text-align-center\">No\u00e9 \u00e0 l&rsquo;\u00e9criture et au chant, Th\u00e9o et Nicolas \u00e0 la guitare, tous les trois compositeurs, pr\u00e9sentent <strong>Mimosa<\/strong>. Bas\u00e9s \u00e0 Nantes, ces trois amis, que certains penseront fr\u00e8res, sortent de leurs coquilles et vous proposent les premiers fragments de leur chanson fran\u00e7aise pop, aux sonorit\u00e9s indie, flirtant avec le rock.<\/p>\n<\/div><\/div>\n<\/div>\n\n\n\n<div class=\"wp-block-group is-style-fotawp-boxshadow-hover is-layout-constrained wp-block-group-is-layout-constrained\">\n<div class=\"wp-block-media-text has-media-on-the-right is-stacked-on-mobile\"><div class=\"wp-block-media-text__content\">\n<p class=\"has-text-align-center\">Hypnotis\u00e9 par les folies subtiles de Catherine Ringer et de Philippe Katerine, <strong>Bonne Nuit<\/strong> est le son d&rsquo;une g\u00e9n\u00e9ration qui voit le monde s&rsquo;\u00e9crouler sous ses yeux. Le duo de deux humains d\u00e9g\u00e9n\u00e9r\u00e9s raconte nos paradoxes et nos faiblesses dans un m\u00e9lange de synth\u00e9s raffin\u00e9s et de textes accrocheurs, engag\u00e9s et en fran\u00e7ais. Le charme du duo op\u00e8re sur sc\u00e8ne, incarnant des proph\u00e8tes du d\u00e9sordre, accompagn\u00e9s d&rsquo;un \u00e9tonnant accord\u00e9on pour parachever leur myst\u00e9rieux mais captivant tableau.<\/p>\n<\/div><figure class=\"wp-block-media-text__media\"><a href=\"https:\/\/www.instagram.com\/bonnenuit.mp3\/\"><img loading=\"lazy\" decoding=\"async\" width=\"828\" height=\"820\" src=\"https:\/\/lesinsomniesfestival.fr\/wp-content\/uploads\/2024\/05\/IMG_5561-1.jpg\" alt=\"\" class=\"wp-image-89 size-full\" srcset=\"https:\/\/lesinsomniesfestival.fr\/wp-content\/uploads\/2024\/05\/IMG_5561-1.jpg 828w, https:\/\/lesinsomniesfestival.fr\/wp-content\/uploads\/2024\/05\/IMG_5561-1-300x297.jpg 300w, https:\/\/lesinsomniesfestival.fr\/wp-content\/uploads\/2024\/05\/IMG_5561-1-150x150.jpg 150w, https:\/\/lesinsomniesfestival.fr\/wp-content\/uploads\/2024\/05\/IMG_5561-1-768x761.jpg 768w\" sizes=\"auto, (max-width: 828px) 100vw, 828px\" \/><\/a><\/figure><\/div>\n<\/div>\n\n\n\n<div class=\"wp-block-group is-style-fotawp-boxshadow-hover is-layout-constrained wp-block-group-is-layout-constrained\">\n<div class=\"wp-block-media-text is-stacked-on-mobile\"><figure class=\"wp-block-media-text__media\"><a href=\"https:\/\/www.instagram.com\/dirtyshadesmusic\/\"><img loading=\"lazy\" decoding=\"async\" width=\"1024\" height=\"1024\" src=\"http:\/\/lesinsomniesfestival.fr\/wp-content\/uploads\/2024\/05\/dirty-shades-1024x1024.jpg\" alt=\"\" class=\"wp-image-122 size-full\" srcset=\"https:\/\/lesinsomniesfestival.fr\/wp-content\/uploads\/2024\/05\/dirty-shades-1024x1024.jpg 1024w, https:\/\/lesinsomniesfestival.fr\/wp-content\/uploads\/2024\/05\/dirty-shades-300x300.jpg 300w, https:\/\/lesinsomniesfestival.fr\/wp-content\/uploads\/2024\/05\/dirty-shades-150x150.jpg 150w, https:\/\/lesinsomniesfestival.fr\/wp-content\/uploads\/2024\/05\/dirty-shades-768x768.jpg 768w, https:\/\/lesinsomniesfestival.fr\/wp-content\/uploads\/2024\/05\/dirty-shades-1536x1536.jpg 1536w, https:\/\/lesinsomniesfestival.fr\/wp-content\/uploads\/2024\/05\/dirty-shades.jpg 2000w\" sizes=\"auto, (max-width: 1024px) 100vw, 1024px\" \/><\/a><\/figure><div class=\"wp-block-media-text__content\">\n<p class=\"has-text-align-center\"><strong>Dirty Shades<\/strong> \u00e9labore un rock turbulent, exhortant \u00e0 l&rsquo;introspection par ses ambiances sombres et troublantes. <br>Ils affirment leur singularit\u00e9 entre textures d\u00e9routantes de guitare, section rythmique massive et fr\u00e9n\u00e9sie vocale n\u00e9cessaire, \u00e0 fleur de peau. Combinant harmonies planantes et noise subversive, ils proposent une exp\u00e9rience abrasive qui contraint au face \u00e0 face avec ses \u00e9motions. <\/p>\n<\/div><\/div>\n<\/div>\n\n\n\n<div class=\"wp-block-group is-style-fotawp-boxshadow-hover is-layout-constrained wp-block-group-is-layout-constrained\">\n<div class=\"wp-block-media-text has-media-on-the-right is-stacked-on-mobile\"><div class=\"wp-block-media-text__content\">\n<p class=\"has-text-align-center\">Au-del\u00e0 des vestes de surv\u00eatement. et des samples de moteurs tuning d&rsquo;un go\u00fbt discutable, <strong>Scuffles<\/strong> d\u00e9fendent la volont\u00e9 de r\u00e9unir deux esth\u00e9tiques rarement assembl\u00e9es : le garage\/punk et la techno. Si elle est avant tout pens\u00e9e comme l\u00e9g\u00e8re et festive, la musique du duo tend \u00e0 emprunter un virage de plus en plus m\u00e9lodique, d\u00e9sormais en fran\u00e7ais dans le texte, flirtant avec les univers cold wave.<\/p>\n<\/div><figure class=\"wp-block-media-text__media\"><a href=\"https:\/\/www.instagram.com\/scufflesgarage\/\"><img loading=\"lazy\" decoding=\"async\" width=\"1024\" height=\"1024\" src=\"http:\/\/lesinsomniesfestival.fr\/wp-content\/uploads\/2024\/05\/scuffles-1024x1024.jpg\" alt=\"\" class=\"wp-image-123 size-full\" srcset=\"https:\/\/lesinsomniesfestival.fr\/wp-content\/uploads\/2024\/05\/scuffles-1024x1024.jpg 1024w, https:\/\/lesinsomniesfestival.fr\/wp-content\/uploads\/2024\/05\/scuffles-300x300.jpg 300w, https:\/\/lesinsomniesfestival.fr\/wp-content\/uploads\/2024\/05\/scuffles-150x150.jpg 150w, https:\/\/lesinsomniesfestival.fr\/wp-content\/uploads\/2024\/05\/scuffles-768x768.jpg 768w, https:\/\/lesinsomniesfestival.fr\/wp-content\/uploads\/2024\/05\/scuffles-1536x1536.jpg 1536w, https:\/\/lesinsomniesfestival.fr\/wp-content\/uploads\/2024\/05\/scuffles.jpg 2000w\" sizes=\"auto, (max-width: 1024px) 100vw, 1024px\" \/><\/a><\/figure><\/div>\n<\/div>\n\n\n\n<div class=\"wp-block-group is-style-fotawp-boxshadow-hover is-layout-constrained wp-block-group-is-layout-constrained\">\n<div class=\"wp-block-media-text is-stacked-on-mobile\"><figure class=\"wp-block-media-text__media\"><a href=\"https:\/\/www.instagram.com\/kazimirr_kazimirr\/\"><img loading=\"lazy\" decoding=\"async\" width=\"1024\" height=\"1024\" src=\"http:\/\/lesinsomniesfestival.fr\/wp-content\/uploads\/2024\/05\/IMG_5563-1024x1024.jpg\" alt=\"\" class=\"wp-image-124 size-full\" srcset=\"https:\/\/lesinsomniesfestival.fr\/wp-content\/uploads\/2024\/05\/IMG_5563-1024x1024.jpg 1024w, https:\/\/lesinsomniesfestival.fr\/wp-content\/uploads\/2024\/05\/IMG_5563-300x300.jpg 300w, https:\/\/lesinsomniesfestival.fr\/wp-content\/uploads\/2024\/05\/IMG_5563-150x150.jpg 150w, https:\/\/lesinsomniesfestival.fr\/wp-content\/uploads\/2024\/05\/IMG_5563-768x768.jpg 768w, https:\/\/lesinsomniesfestival.fr\/wp-content\/uploads\/2024\/05\/IMG_5563-1536x1536.jpg 1536w, https:\/\/lesinsomniesfestival.fr\/wp-content\/uploads\/2024\/05\/IMG_5563.jpg 2000w\" sizes=\"auto, (max-width: 1024px) 100vw, 1024px\" \/><\/a><\/figure><div class=\"wp-block-media-text__content\">\n<p class=\"has-text-align-center\"><strong>Kazimir<\/strong> est un artiste de hip-hop \u00e9lectronique plein d\u2019\u00e9nergie dont les influences punk et jazz s\u2019expriment avec force. N\u00e9 en Russie et fa\u00e7onn\u00e9 par des exp\u00e9riences en Nouvelle Z\u00e9lande et en France, ses concerts sont explosifs. Sur sc\u00e8ne, se m\u00ealent des solos de saxophone, des voix captivantes, des couplets de rap et des productions intenses. Avec un penchant pour repousser les limites et un sens du plaisir contagieux, Kazimir cr\u00e9e une atmosph\u00e8re exaltante. Pr\u00e9parez-vous \u00e0 plonger dans un voyage sonore inoubliable qui vous fera chanter et danser.<\/p>\n<\/div><\/div>\n<\/div>\n\n\n\n<div class=\"wp-block-group is-style-fotawp-boxshadow-hover is-layout-constrained wp-block-group-is-layout-constrained\">\n<div class=\"wp-block-media-text has-media-on-the-right is-stacked-on-mobile\"><div class=\"wp-block-media-text__content\">\n<p class=\"has-text-align-center\">Le deuxi\u00e8me soir, <strong>B\u00e9a records<\/strong> rebranchera les platines et l&rsquo;astrologie pourra aller se faire mettre. <\/p>\n<\/div><figure class=\"wp-block-media-text__media\"><a href=\"https:\/\/www.instagram.com\/beatrice.records\/\"><img loading=\"lazy\" decoding=\"async\" width=\"1024\" height=\"1024\" src=\"http:\/\/lesinsomniesfestival.fr\/wp-content\/uploads\/2024\/05\/BA\u00a9atrice-record-1024x1024.jpg\" alt=\"\" class=\"wp-image-120 size-full\" srcset=\"https:\/\/lesinsomniesfestival.fr\/wp-content\/uploads\/2024\/05\/BA\u00a9atrice-record-1024x1024.jpg 1024w, https:\/\/lesinsomniesfestival.fr\/wp-content\/uploads\/2024\/05\/BA\u00a9atrice-record-300x300.jpg 300w, https:\/\/lesinsomniesfestival.fr\/wp-content\/uploads\/2024\/05\/BA\u00a9atrice-record-150x150.jpg 150w, https:\/\/lesinsomniesfestival.fr\/wp-content\/uploads\/2024\/05\/BA\u00a9atrice-record-768x768.jpg 768w, https:\/\/lesinsomniesfestival.fr\/wp-content\/uploads\/2024\/05\/BA\u00a9atrice-record-1536x1536.jpg 1536w, https:\/\/lesinsomniesfestival.fr\/wp-content\/uploads\/2024\/05\/BA\u00a9atrice-record.jpg 2000w\" sizes=\"auto, (max-width: 1024px) 100vw, 1024px\" \/><\/a><\/figure><\/div>\n<\/div>\n","protected":false},"excerpt":{"rendered":"<p>Vendredi 06 Septembre No Sex Last Night, nouvelle vague de la pop fran\u00e7aise. Inspir\u00e9 par les m\u00e9lodies de The Cure et le punk de Sextile, c&rsquo;est dans le berceau&#8230;<\/p>\n","protected":false},"author":1,"featured_media":0,"parent":0,"menu_order":0,"comment_status":"closed","ping_status":"closed","template":"","meta":{"footnotes":""},"class_list":["post-2","page","type-page","status-publish","hentry"],"_links":{"self":[{"href":"https:\/\/lesinsomniesfestival.fr\/index.php\/wp-json\/wp\/v2\/pages\/2","targetHints":{"allow":["GET"]}}],"collection":[{"href":"https:\/\/lesinsomniesfestival.fr\/index.php\/wp-json\/wp\/v2\/pages"}],"about":[{"href":"https:\/\/lesinsomniesfestival.fr\/index.php\/wp-json\/wp\/v2\/types\/page"}],"author":[{"embeddable":true,"href":"https:\/\/lesinsomniesfestival.fr\/index.php\/wp-json\/wp\/v2\/users\/1"}],"replies":[{"embeddable":true,"href":"https:\/\/lesinsomniesfestival.fr\/index.php\/wp-json\/wp\/v2\/comments?post=2"}],"version-history":[{"count":39,"href":"https:\/\/lesinsomniesfestival.fr\/index.php\/wp-json\/wp\/v2\/pages\/2\/revisions"}],"predecessor-version":[{"id":372,"href":"https:\/\/lesinsomniesfestival.fr\/index.php\/wp-json\/wp\/v2\/pages\/2\/revisions\/372"}],"wp:attachment":[{"href":"https:\/\/lesinsomniesfestival.fr\/index.php\/wp-json\/wp\/v2\/media?parent=2"}],"curies":[{"name":"wp","href":"https:\/\/api.w.org\/{rel}","templated":true}]}}